{"id":14078,"date":"2025-12-19T11:17:32","date_gmt":"2025-12-19T10:17:32","guid":{"rendered":"https:\/\/www.uhrenmuseum-glashuette.com\/?post_type=product&#038;p=14078"},"modified":"2025-12-28T13:56:24","modified_gmt":"2025-12-28T12:56:24","slug":"radiergummi-mit-schriftzug","status":"publish","type":"product","link":"https:\/\/www.uhrenmuseum-glashuette.com\/en\/shop\/souvenirs\/radiergummi-mit-schriftzug\/","title":{"rendered":"Radiergummi mit Schriftzug"},"content":{"rendered":"<p>Radiergummi mit Logo vom Deutschen Uhrenmuseum Glash\u00fctte. Ein stilvolles Accessoire der Marke Faber-Castell f\u00fcr den Schreibtisch oder als Set mit unseren Schreibutensilien f\u00fcr Liebhaber von handgeschriebenen Notizen.<\/p>\n<p>&nbsp;<\/p>\n<table style=\"border-collapse: collapse; width: 100%; height: 140px;\">\n<tbody>\n<tr style=\"height: 28px;\">\n<td style=\"width: 50%; height: 28px;\">Ausf\u00fchrung:<\/td>\n<td style=\"width: 50%; height: 28px;\"><strong>Radiergummi mit Schriftzug Deutsches Uhrenmuseum, ausklappbar, schwarz<\/strong><\/td>\n<\/tr>\n<tr style=\"height: 28px;\">\n<td style=\"width: 50%; height: 28px;\"><span style=\"font-weight: 400;\">Gr\u00f6\u00dfe:<\/span><\/td>\n<td style=\"width: 50%; height: 28px;\"><strong>ca. L 5,5<\/strong><strong style=\"font-family: inherit; font-size: inherit;\"> cm x B 2,5<\/strong><\/td>\n<\/tr>\n<tr style=\"height: 28px;\">\n<td style=\"width: 50%; height: 28px;\">Hersteller:<\/td>\n<td style=\"width: 50%; height: 28px;\"><strong>Faber-Castell<\/strong><\/td>\n<\/tr>\n<tr style=\"height: 28px;\">\n<td style=\"width: 50%; height: 28px;\">Artikelnummer:<\/td>\n<td style=\"width: 50%; height: 28px;\"><strong>70025<\/strong><\/td>\n<\/tr>\n<\/tbody>\n<\/table>\n<p>&nbsp;<\/p>\n","protected":false},"excerpt":{"rendered":"<p>Radiergummi mit Logo vom Deutschen Uhrenmuseum Glash\u00fctte. Ein stilvolles Accessoire der Marke Faber-Castell f\u00fcr den Schreibtisch oder als Set mit unseren Schreibutensilien f\u00fcr Liebhaber von handgeschriebenen Notizen. &nbsp; Ausf\u00fchrung: Radiergummi mit Schriftzug Deutsches Uhrenmuseum, ausklappbar, schwarz Gr\u00f6\u00dfe: ca. L 5,5 cm x B 2,5 Hersteller: Faber-Castell Artikelnummer: 70025 &nbsp;<\/p>\n","protected":false},"featured_media":14075,"template":"","meta":{"_acf_changed":false,"_monsterinsights_skip_tracking":false,"_monsterinsights_sitenote_active":false,"_monsterinsights_sitenote_note":"","_monsterinsights_sitenote_category":0},"product_brand":[],"product_cat":[21],"product_tag":[],"class_list":{"0":"post-14078","1":"product","2":"type-product","3":"status-publish","4":"has-post-thumbnail","6":"product_cat-souvenirs","8":"first","9":"instock","10":"taxable","11":"shipping-taxable","12":"purchasable","13":"product-type-simple"},"acf":[],"yoast_head":"<!-- This site is optimized with the Yoast SEO plugin v24.3 - https:\/\/yoast.com\/wordpress\/plugins\/seo\/ -->\n<title>Radiergummi mit Schriftzug | Deutsches Uhrenmuseum Glashuette<\/title>\n<meta name=\"robots\" content=\"index, follow, max-snippet:-1, max-image-preview:large, max-video-preview:-1\" \/>\n<link rel=\"canonical\" href=\"https:\/\/www.uhrenmuseum-glashuette.com\/shop\/souvenirs\/radiergummi-mit-schriftzug\/\" \/>\n<meta property=\"og:locale\" content=\"en_US\" \/>\n<meta property=\"og:type\" content=\"article\" \/>\n<meta property=\"og:title\" content=\"Radiergummi mit Schriftzug | Deutsches Uhrenmuseum Glashuette\" \/>\n<meta property=\"og:description\" content=\"Radiergummi mit Logo vom Deutschen Uhrenmuseum Glash\u00fctte. Ein stilvolles Accessoire der Marke Faber-Castell f\u00fcr den Schreibtisch oder als Set mit unseren Schreibutensilien f\u00fcr Liebhaber von handgeschriebenen Notizen. &nbsp; Ausf\u00fchrung: Radiergummi mit Schriftzug Deutsches Uhrenmuseum, ausklappbar, schwarz Gr\u00f6\u00dfe: ca. L 5,5 cm x B 2,5 Hersteller: Faber-Castell Artikelnummer: 70025 &nbsp;\" \/>\n<meta property=\"og:url\" content=\"https:\/\/www.uhrenmuseum-glashuette.com\/shop\/souvenirs\/radiergummi-mit-schriftzug\/\" \/>\n<meta property=\"og:site_name\" content=\"Deutsches Uhrenmuseum Glashuette\" \/>\n<meta property=\"article:modified_time\" content=\"2025-12-28T12:56:24+00:00\" \/>\n<meta property=\"og:image\" content=\"https:\/\/www.uhrenmuseum-glashuette.com\/wp-content\/uploads\/2025\/12\/Radiergummi-Faber-Castell.jpg\" \/>\n\t<meta property=\"og:image:width\" content=\"1920\" \/>\n\t<meta property=\"og:image:height\" content=\"1281\" \/>\n\t<meta property=\"og:image:type\" content=\"image\/jpeg\" \/>\n<meta name=\"twitter:card\" content=\"summary_large_image\" \/>\n<meta name=\"twitter:label1\" content=\"Est. reading time\" \/>\n\t<meta name=\"twitter:data1\" content=\"1 minute\" \/>\n<script type=\"application\/ld+json\" class=\"yoast-schema-graph\">{\"@context\":\"https:\/\/schema.org\",\"@graph\":[{\"@type\":\"WebPage\",\"@id\":\"https:\/\/www.uhrenmuseum-glashuette.com\/shop\/souvenirs\/radiergummi-mit-schriftzug\/\",\"url\":\"https:\/\/www.uhrenmuseum-glashuette.com\/shop\/souvenirs\/radiergummi-mit-schriftzug\/\",\"name\":\"Radiergummi mit Schriftzug | Deutsches Uhrenmuseum Glashuette\",\"isPartOf\":{\"@id\":\"https:\/\/www.uhrenmuseum-glashuette.com\/#website\"},\"primaryImageOfPage\":{\"@id\":\"https:\/\/www.uhrenmuseum-glashuette.com\/shop\/souvenirs\/radiergummi-mit-schriftzug\/#primaryimage\"},\"image\":{\"@id\":\"https:\/\/www.uhrenmuseum-glashuette.com\/shop\/souvenirs\/radiergummi-mit-schriftzug\/#primaryimage\"},\"thumbnailUrl\":\"https:\/\/www.uhrenmuseum-glashuette.com\/wp-content\/uploads\/2025\/12\/Radiergummi-Faber-Castell.jpg\",\"datePublished\":\"2025-12-19T10:17:32+00:00\",\"dateModified\":\"2025-12-28T12:56:24+00:00\",\"breadcrumb\":{\"@id\":\"https:\/\/www.uhrenmuseum-glashuette.com\/shop\/souvenirs\/radiergummi-mit-schriftzug\/#breadcrumb\"},\"inLanguage\":\"en-US\",\"potentialAction\":[{\"@type\":\"ReadAction\",\"target\":[\"https:\/\/www.uhrenmuseum-glashuette.com\/shop\/souvenirs\/radiergummi-mit-schriftzug\/\"]}]},{\"@type\":\"ImageObject\",\"inLanguage\":\"en-US\",\"@id\":\"https:\/\/www.uhrenmuseum-glashuette.com\/shop\/souvenirs\/radiergummi-mit-schriftzug\/#primaryimage\",\"url\":\"https:\/\/www.uhrenmuseum-glashuette.com\/wp-content\/uploads\/2025\/12\/Radiergummi-Faber-Castell.jpg\",\"contentUrl\":\"https:\/\/www.uhrenmuseum-glashuette.com\/wp-content\/uploads\/2025\/12\/Radiergummi-Faber-Castell.jpg\",\"width\":1920,\"height\":1281,\"caption\":\"Radiergummi Faber-Castell\"},{\"@type\":\"BreadcrumbList\",\"@id\":\"https:\/\/www.uhrenmuseum-glashuette.com\/shop\/souvenirs\/radiergummi-mit-schriftzug\/#breadcrumb\",\"itemListElement\":[{\"@type\":\"ListItem\",\"position\":1,\"name\":\"Startseite\",\"item\":\"https:\/\/www.uhrenmuseum-glashuette.com\/en\/\"},{\"@type\":\"ListItem\",\"position\":2,\"name\":\"Online Shop\",\"item\":\"https:\/\/www.uhrenmuseum-glashuette.com\/online-shop\/\"},{\"@type\":\"ListItem\",\"position\":3,\"name\":\"Radiergummi mit Schriftzug\"}]},{\"@type\":\"WebSite\",\"@id\":\"https:\/\/www.uhrenmuseum-glashuette.com\/#website\",\"url\":\"https:\/\/www.uhrenmuseum-glashuette.com\/\",\"name\":\"Deutsches Uhrenmuseum Glashuette\",\"description\":\"\",\"publisher\":{\"@id\":\"https:\/\/www.uhrenmuseum-glashuette.com\/#organization\"},\"potentialAction\":[{\"@type\":\"SearchAction\",\"target\":{\"@type\":\"EntryPoint\",\"urlTemplate\":\"https:\/\/www.uhrenmuseum-glashuette.com\/?s={search_term_string}\"},\"query-input\":{\"@type\":\"PropertyValueSpecification\",\"valueRequired\":true,\"valueName\":\"search_term_string\"}}],\"inLanguage\":\"en-US\"},{\"@type\":\"Organization\",\"@id\":\"https:\/\/www.uhrenmuseum-glashuette.com\/#organization\",\"name\":\"Stiftung \\\"Deutsches Uhrenmuseum Glash\u00fctte \u2013 Nicolas G. Hayek\\\"\",\"alternateName\":\"Uhrenmuseum Glash\u00fctte\",\"url\":\"https:\/\/www.uhrenmuseum-glashuette.com\/\",\"logo\":{\"@type\":\"ImageObject\",\"inLanguage\":\"en-US\",\"@id\":\"https:\/\/www.uhrenmuseum-glashuette.com\/#\/schema\/logo\/image\/\",\"url\":\"https:\/\/www.uhrenmuseum-glashuette.com\/wp-content\/uploads\/2020\/01\/cropped-StiftungDeutschesUhrenmuseumGlashuette-Web-Icon_.png\",\"contentUrl\":\"https:\/\/www.uhrenmuseum-glashuette.com\/wp-content\/uploads\/2020\/01\/cropped-StiftungDeutschesUhrenmuseumGlashuette-Web-Icon_.png\",\"width\":512,\"height\":512,\"caption\":\"Stiftung \\\"Deutsches Uhrenmuseum Glash\u00fctte \u2013 Nicolas G. Hayek\\\"\"},\"image\":{\"@id\":\"https:\/\/www.uhrenmuseum-glashuette.com\/#\/schema\/logo\/image\/\"}}]}<\/script>\n<!-- \/ Yoast SEO plugin. -->","yoast_head_json":{"title":"Radiergummi mit Schriftzug | Deutsches Uhrenmuseum Glashuette","robots":{"index":"index","follow":"follow","max-snippet":"max-snippet:-1","max-image-preview":"max-image-preview:large","max-video-preview":"max-video-preview:-1"},"canonical":"https:\/\/www.uhrenmuseum-glashuette.com\/shop\/souvenirs\/radiergummi-mit-schriftzug\/","og_locale":"en_US","og_type":"article","og_title":"Radiergummi mit Schriftzug | Deutsches Uhrenmuseum Glashuette","og_description":"Radiergummi mit Logo vom Deutschen Uhrenmuseum Glash\u00fctte. Ein stilvolles Accessoire der Marke Faber-Castell f\u00fcr den Schreibtisch oder als Set mit unseren Schreibutensilien f\u00fcr Liebhaber von handgeschriebenen Notizen. &nbsp; Ausf\u00fchrung: Radiergummi mit Schriftzug Deutsches Uhrenmuseum, ausklappbar, schwarz Gr\u00f6\u00dfe: ca. L 5,5 cm x B 2,5 Hersteller: Faber-Castell Artikelnummer: 70025 &nbsp;","og_url":"https:\/\/www.uhrenmuseum-glashuette.com\/shop\/souvenirs\/radiergummi-mit-schriftzug\/","og_site_name":"Deutsches Uhrenmuseum Glashuette","article_modified_time":"2025-12-28T12:56:24+00:00","og_image":[{"width":1920,"height":1281,"url":"https:\/\/www.uhrenmuseum-glashuette.com\/wp-content\/uploads\/2025\/12\/Radiergummi-Faber-Castell.jpg","type":"image\/jpeg"}],"twitter_card":"summary_large_image","twitter_misc":{"Est. reading time":"1 minute"},"schema":{"@context":"https:\/\/schema.org","@graph":[{"@type":"WebPage","@id":"https:\/\/www.uhrenmuseum-glashuette.com\/shop\/souvenirs\/radiergummi-mit-schriftzug\/","url":"https:\/\/www.uhrenmuseum-glashuette.com\/shop\/souvenirs\/radiergummi-mit-schriftzug\/","name":"Radiergummi mit Schriftzug | Deutsches Uhrenmuseum Glashuette","isPartOf":{"@id":"https:\/\/www.uhrenmuseum-glashuette.com\/#website"},"primaryImageOfPage":{"@id":"https:\/\/www.uhrenmuseum-glashuette.com\/shop\/souvenirs\/radiergummi-mit-schriftzug\/#primaryimage"},"image":{"@id":"https:\/\/www.uhrenmuseum-glashuette.com\/shop\/souvenirs\/radiergummi-mit-schriftzug\/#primaryimage"},"thumbnailUrl":"https:\/\/www.uhrenmuseum-glashuette.com\/wp-content\/uploads\/2025\/12\/Radiergummi-Faber-Castell.jpg","datePublished":"2025-12-19T10:17:32+00:00","dateModified":"2025-12-28T12:56:24+00:00","breadcrumb":{"@id":"https:\/\/www.uhrenmuseum-glashuette.com\/shop\/souvenirs\/radiergummi-mit-schriftzug\/#breadcrumb"},"inLanguage":"en-US","potentialAction":[{"@type":"ReadAction","target":["https:\/\/www.uhrenmuseum-glashuette.com\/shop\/souvenirs\/radiergummi-mit-schriftzug\/"]}]},{"@type":"ImageObject","inLanguage":"en-US","@id":"https:\/\/www.uhrenmuseum-glashuette.com\/shop\/souvenirs\/radiergummi-mit-schriftzug\/#primaryimage","url":"https:\/\/www.uhrenmuseum-glashuette.com\/wp-content\/uploads\/2025\/12\/Radiergummi-Faber-Castell.jpg","contentUrl":"https:\/\/www.uhrenmuseum-glashuette.com\/wp-content\/uploads\/2025\/12\/Radiergummi-Faber-Castell.jpg","width":1920,"height":1281,"caption":"Radiergummi Faber-Castell"},{"@type":"BreadcrumbList","@id":"https:\/\/www.uhrenmuseum-glashuette.com\/shop\/souvenirs\/radiergummi-mit-schriftzug\/#breadcrumb","itemListElement":[{"@type":"ListItem","position":1,"name":"Startseite","item":"https:\/\/www.uhrenmuseum-glashuette.com\/en\/"},{"@type":"ListItem","position":2,"name":"Online Shop","item":"https:\/\/www.uhrenmuseum-glashuette.com\/online-shop\/"},{"@type":"ListItem","position":3,"name":"Radiergummi mit Schriftzug"}]},{"@type":"WebSite","@id":"https:\/\/www.uhrenmuseum-glashuette.com\/#website","url":"https:\/\/www.uhrenmuseum-glashuette.com\/","name":"Deutsches Uhrenmuseum Glashuette","description":"","publisher":{"@id":"https:\/\/www.uhrenmuseum-glashuette.com\/#organization"},"potentialAction":[{"@type":"SearchAction","target":{"@type":"EntryPoint","urlTemplate":"https:\/\/www.uhrenmuseum-glashuette.com\/?s={search_term_string}"},"query-input":{"@type":"PropertyValueSpecification","valueRequired":true,"valueName":"search_term_string"}}],"inLanguage":"en-US"},{"@type":"Organization","@id":"https:\/\/www.uhrenmuseum-glashuette.com\/#organization","name":"Stiftung \"Deutsches Uhrenmuseum Glash\u00fctte \u2013 Nicolas G. Hayek\"","alternateName":"Uhrenmuseum Glash\u00fctte","url":"https:\/\/www.uhrenmuseum-glashuette.com\/","logo":{"@type":"ImageObject","inLanguage":"en-US","@id":"https:\/\/www.uhrenmuseum-glashuette.com\/#\/schema\/logo\/image\/","url":"https:\/\/www.uhrenmuseum-glashuette.com\/wp-content\/uploads\/2020\/01\/cropped-StiftungDeutschesUhrenmuseumGlashuette-Web-Icon_.png","contentUrl":"https:\/\/www.uhrenmuseum-glashuette.com\/wp-content\/uploads\/2020\/01\/cropped-StiftungDeutschesUhrenmuseumGlashuette-Web-Icon_.png","width":512,"height":512,"caption":"Stiftung \"Deutsches Uhrenmuseum Glash\u00fctte \u2013 Nicolas G. Hayek\""},"image":{"@id":"https:\/\/www.uhrenmuseum-glashuette.com\/#\/schema\/logo\/image\/"}}]}},"_links":{"self":[{"href":"https:\/\/www.uhrenmuseum-glashuette.com\/en\/wp-json\/wp\/v2\/product\/14078","targetHints":{"allow":["GET"]}}],"collection":[{"href":"https:\/\/www.uhrenmuseum-glashuette.com\/en\/wp-json\/wp\/v2\/product"}],"about":[{"href":"https:\/\/www.uhrenmuseum-glashuette.com\/en\/wp-json\/wp\/v2\/types\/product"}],"wp:featuredmedia":[{"embeddable":true,"href":"https:\/\/www.uhrenmuseum-glashuette.com\/en\/wp-json\/wp\/v2\/media\/14075"}],"wp:attachment":[{"href":"https:\/\/www.uhrenmuseum-glashuette.com\/en\/wp-json\/wp\/v2\/media?parent=14078"}],"wp:term":[{"taxonomy":"product_brand","embeddable":true,"href":"https:\/\/www.uhrenmuseum-glashuette.com\/en\/wp-json\/wp\/v2\/product_brand?post=14078"},{"taxonomy":"product_cat","embeddable":true,"href":"https:\/\/www.uhrenmuseum-glashuette.com\/en\/wp-json\/wp\/v2\/product_cat?post=14078"},{"taxonomy":"product_tag","embeddable":true,"href":"https:\/\/www.uhrenmuseum-glashuette.com\/en\/wp-json\/wp\/v2\/product_tag?post=14078"}],"curies":[{"name":"wp","href":"https:\/\/api.w.org\/{rel}","templated":true}]}}