{"id":12995,"date":"2025-03-10T12:47:28","date_gmt":"2025-03-10T11:47:28","guid":{"rendered":"https:\/\/www.uhrenmuseum-glashuette.com\/?post_type=product&#038;p=12995"},"modified":"2025-12-22T10:45:46","modified_gmt":"2025-12-22T09:45:46","slug":"porzellanbecher-kahla-schwarz","status":"publish","type":"product","link":"https:\/\/www.uhrenmuseum-glashuette.com\/en\/shop\/souvenirs\/porzellanbecher-kahla-schwarz\/","title":{"rendered":"Porzellanbecher schwarz (Kahla)"},"content":{"rendered":"<p>Porzellanbecher von Kahla<\/p>\n<p>Hochwertiger schwarzer Porzellanbecher von Kahla, kunstvoll graviert mit unserer Zeitfacette und dem Logo des Uhrenmuseums Glash\u00fctte. Ein stilvolles Accessoire f\u00fcr Ihre Lieblings-Hei\u00dfgetr\u00e4nke und ein besonderes Geschenk f\u00fcr Liebhaber feiner Uhrmacherkunst.<\/p>\n<table style=\"border-collapse: collapse; width: 100%; height: 140px;\">\n<tbody>\n<tr style=\"height: 28px;\">\n<td style=\"width: 50%; height: 28px;\">Ausf\u00fchrung:<\/td>\n<td style=\"width: 50%; height: 28px;\"><strong><strong>Porzellanbecher, <\/strong><\/strong><strong style=\"font-family: inherit; font-size: inherit;\">au\u00dfen gespritzt pure black<\/strong><strong style=\"font-family: inherit; font-size: inherit;\">, innen wei\u00df<\/strong><\/td>\n<\/tr>\n<tr style=\"height: 28px;\">\n<td style=\"width: 50%; height: 28px;\"><span style=\"font-weight: 400;\">Gravur<\/span>:<\/td>\n<td style=\"width: 50%; height: 28px;\"><strong>Zeitfacette + Logo Deutsches Uhrenmuseum Glash\u00fctte\u00a0<\/strong><\/td>\n<\/tr>\n<tr>\n<td style=\"width: 50%;\"><span style=\"font-weight: 400;\">Gr\u00f6\u00dfe:<\/span><\/td>\n<td style=\"width: 50%;\"><strong>Durchmesser 8,0<\/strong><strong style=\"font-family: inherit; font-size: inherit;\"> cm, 0,40 l Fassungsverm\u00f6gen<\/strong><\/td>\n<\/tr>\n<tr style=\"height: 28px;\">\n<td style=\"width: 50%; height: 28px;\"><span style=\"font-weight: 400;\">Ausstattung<\/span>:<\/td>\n<td style=\"width: 50%; height: 28px;\"><strong>Marke KAHLA, Gravuren links vom Henkel Zeitfacette, rechts auf der R\u00fcckseite Museumslogo, Made in Germany<\/strong><\/td>\n<\/tr>\n<tr style=\"height: 28px;\">\n<td style=\"width: 50%; height: 28px;\"><span style=\"font-weight: 400;\">Artikelnummer<\/span>:<\/td>\n<td style=\"width: 50%; height: 28px;\"><b>70024<\/b><\/td>\n<\/tr>\n<\/tbody>\n<\/table>\n","protected":false},"excerpt":{"rendered":"<p>Porzellanbecher von Kahla Hochwertiger schwarzer Porzellanbecher von Kahla, kunstvoll graviert mit unserer Zeitfacette und dem Logo des Uhrenmuseums Glash\u00fctte. Ein stilvolles Accessoire f\u00fcr Ihre Lieblings-Hei\u00dfgetr\u00e4nke und ein besonderes Geschenk f\u00fcr Liebhaber feiner Uhrmacherkunst. Ausf\u00fchrung: Porzellanbecher, au\u00dfen gespritzt pure black, innen wei\u00df Gravur: Zeitfacette + Logo Deutsches Uhrenmuseum Glash\u00fctte\u00a0 Gr\u00f6\u00dfe: Durchmesser 8,0 cm, 0,40 l Fassungsverm\u00f6gen&#8230;<\/p>\n","protected":false},"featured_media":14089,"template":"","meta":{"_acf_changed":false,"_monsterinsights_skip_tracking":false,"_monsterinsights_sitenote_active":false,"_monsterinsights_sitenote_note":"","_monsterinsights_sitenote_category":0},"product_brand":[],"product_cat":[21],"product_tag":[],"class_list":{"0":"post-12995","1":"product","2":"type-product","3":"status-publish","4":"has-post-thumbnail","6":"product_cat-souvenirs","8":"first","9":"instock","10":"taxable","11":"shipping-taxable","12":"purchasable","13":"product-type-simple"},"acf":[],"yoast_head":"<!-- This site is optimized with the Yoast SEO plugin v24.3 - https:\/\/yoast.com\/wordpress\/plugins\/seo\/ -->\n<title>Porzellanbecher schwarz (Kahla) | Deutsches Uhrenmuseum Glashuette<\/title>\n<meta name=\"description\" content=\"Hochwertige schwarze Porzellantasse von Kahla in edlem schwarz. Mit Gravur und 2 Logos. ideal als Geschenk oder zum genie\u00dfen von Lieblings-Hei\u00dfgetr\u00e4nken\" \/>\n<meta name=\"robots\" content=\"index, follow, max-snippet:-1, max-image-preview:large, max-video-preview:-1\" \/>\n<link rel=\"canonical\" href=\"https:\/\/www.uhrenmuseum-glashuette.com\/shop\/souvenirs\/porzellanbecher-kahla-schwarz\/\" \/>\n<meta property=\"og:locale\" content=\"en_US\" \/>\n<meta property=\"og:type\" content=\"article\" \/>\n<meta property=\"og:title\" content=\"Porzellanbecher schwarz (Kahla) | Deutsches Uhrenmuseum Glashuette\" \/>\n<meta property=\"og:description\" content=\"Hochwertige schwarze Porzellantasse von Kahla in edlem schwarz. Mit Gravur und 2 Logos. ideal als Geschenk oder zum genie\u00dfen von Lieblings-Hei\u00dfgetr\u00e4nken\" \/>\n<meta property=\"og:url\" content=\"https:\/\/www.uhrenmuseum-glashuette.com\/shop\/souvenirs\/porzellanbecher-kahla-schwarz\/\" \/>\n<meta property=\"og:site_name\" content=\"Deutsches Uhrenmuseum Glashuette\" \/>\n<meta property=\"article:modified_time\" content=\"2025-12-22T09:45:46+00:00\" \/>\n<meta property=\"og:image\" content=\"https:\/\/www.uhrenmuseum-glashuette.com\/wp-content\/uploads\/2025\/12\/Porzellanbecher-1a-Foto-Rene-Gaens-scaled.jpg\" \/>\n\t<meta property=\"og:image:width\" content=\"2560\" \/>\n\t<meta property=\"og:image:height\" content=\"2189\" \/>\n\t<meta property=\"og:image:type\" content=\"image\/jpeg\" \/>\n<meta name=\"twitter:card\" content=\"summary_large_image\" \/>\n<meta name=\"twitter:label1\" content=\"Est. reading time\" \/>\n\t<meta name=\"twitter:data1\" content=\"1 minute\" \/>\n<script type=\"application\/ld+json\" class=\"yoast-schema-graph\">{\"@context\":\"https:\/\/schema.org\",\"@graph\":[{\"@type\":\"WebPage\",\"@id\":\"https:\/\/www.uhrenmuseum-glashuette.com\/shop\/souvenirs\/porzellanbecher-kahla-schwarz\/\",\"url\":\"https:\/\/www.uhrenmuseum-glashuette.com\/shop\/souvenirs\/porzellanbecher-kahla-schwarz\/\",\"name\":\"Porzellanbecher schwarz (Kahla) | Deutsches Uhrenmuseum Glashuette\",\"isPartOf\":{\"@id\":\"https:\/\/www.uhrenmuseum-glashuette.com\/#website\"},\"primaryImageOfPage\":{\"@id\":\"https:\/\/www.uhrenmuseum-glashuette.com\/shop\/souvenirs\/porzellanbecher-kahla-schwarz\/#primaryimage\"},\"image\":{\"@id\":\"https:\/\/www.uhrenmuseum-glashuette.com\/shop\/souvenirs\/porzellanbecher-kahla-schwarz\/#primaryimage\"},\"thumbnailUrl\":\"https:\/\/www.uhrenmuseum-glashuette.com\/wp-content\/uploads\/2025\/12\/Porzellanbecher-1a-Foto-Rene-Gaens-scaled.jpg\",\"datePublished\":\"2025-03-10T11:47:28+00:00\",\"dateModified\":\"2025-12-22T09:45:46+00:00\",\"description\":\"Hochwertige schwarze Porzellantasse von Kahla in edlem schwarz. Mit Gravur und 2 Logos. ideal als Geschenk oder zum genie\u00dfen von Lieblings-Hei\u00dfgetr\u00e4nken\",\"breadcrumb\":{\"@id\":\"https:\/\/www.uhrenmuseum-glashuette.com\/shop\/souvenirs\/porzellanbecher-kahla-schwarz\/#breadcrumb\"},\"inLanguage\":\"en-US\",\"potentialAction\":[{\"@type\":\"ReadAction\",\"target\":[\"https:\/\/www.uhrenmuseum-glashuette.com\/shop\/souvenirs\/porzellanbecher-kahla-schwarz\/\"]}]},{\"@type\":\"ImageObject\",\"inLanguage\":\"en-US\",\"@id\":\"https:\/\/www.uhrenmuseum-glashuette.com\/shop\/souvenirs\/porzellanbecher-kahla-schwarz\/#primaryimage\",\"url\":\"https:\/\/www.uhrenmuseum-glashuette.com\/wp-content\/uploads\/2025\/12\/Porzellanbecher-1a-Foto-Rene-Gaens-scaled.jpg\",\"contentUrl\":\"https:\/\/www.uhrenmuseum-glashuette.com\/wp-content\/uploads\/2025\/12\/Porzellanbecher-1a-Foto-Rene-Gaens-scaled.jpg\",\"width\":2560,\"height\":2189},{\"@type\":\"BreadcrumbList\",\"@id\":\"https:\/\/www.uhrenmuseum-glashuette.com\/shop\/souvenirs\/porzellanbecher-kahla-schwarz\/#breadcrumb\",\"itemListElement\":[{\"@type\":\"ListItem\",\"position\":1,\"name\":\"Startseite\",\"item\":\"https:\/\/www.uhrenmuseum-glashuette.com\/en\/\"},{\"@type\":\"ListItem\",\"position\":2,\"name\":\"Online Shop\",\"item\":\"https:\/\/www.uhrenmuseum-glashuette.com\/online-shop\/\"},{\"@type\":\"ListItem\",\"position\":3,\"name\":\"Porzellanbecher schwarz (Kahla)\"}]},{\"@type\":\"WebSite\",\"@id\":\"https:\/\/www.uhrenmuseum-glashuette.com\/#website\",\"url\":\"https:\/\/www.uhrenmuseum-glashuette.com\/\",\"name\":\"Deutsches Uhrenmuseum Glashuette\",\"description\":\"\",\"publisher\":{\"@id\":\"https:\/\/www.uhrenmuseum-glashuette.com\/#organization\"},\"potentialAction\":[{\"@type\":\"SearchAction\",\"target\":{\"@type\":\"EntryPoint\",\"urlTemplate\":\"https:\/\/www.uhrenmuseum-glashuette.com\/?s={search_term_string}\"},\"query-input\":{\"@type\":\"PropertyValueSpecification\",\"valueRequired\":true,\"valueName\":\"search_term_string\"}}],\"inLanguage\":\"en-US\"},{\"@type\":\"Organization\",\"@id\":\"https:\/\/www.uhrenmuseum-glashuette.com\/#organization\",\"name\":\"Stiftung \\\"Deutsches Uhrenmuseum Glash\u00fctte \u2013 Nicolas G. Hayek\\\"\",\"alternateName\":\"Uhrenmuseum Glash\u00fctte\",\"url\":\"https:\/\/www.uhrenmuseum-glashuette.com\/\",\"logo\":{\"@type\":\"ImageObject\",\"inLanguage\":\"en-US\",\"@id\":\"https:\/\/www.uhrenmuseum-glashuette.com\/#\/schema\/logo\/image\/\",\"url\":\"https:\/\/www.uhrenmuseum-glashuette.com\/wp-content\/uploads\/2020\/01\/cropped-StiftungDeutschesUhrenmuseumGlashuette-Web-Icon_.png\",\"contentUrl\":\"https:\/\/www.uhrenmuseum-glashuette.com\/wp-content\/uploads\/2020\/01\/cropped-StiftungDeutschesUhrenmuseumGlashuette-Web-Icon_.png\",\"width\":512,\"height\":512,\"caption\":\"Stiftung \\\"Deutsches Uhrenmuseum Glash\u00fctte \u2013 Nicolas G. Hayek\\\"\"},\"image\":{\"@id\":\"https:\/\/www.uhrenmuseum-glashuette.com\/#\/schema\/logo\/image\/\"}}]}<\/script>\n<!-- \/ Yoast SEO plugin. -->","yoast_head_json":{"title":"Porzellanbecher schwarz (Kahla) | Deutsches Uhrenmuseum Glashuette","description":"Hochwertige schwarze Porzellantasse von Kahla in edlem schwarz. Mit Gravur und 2 Logos. ideal als Geschenk oder zum genie\u00dfen von Lieblings-Hei\u00dfgetr\u00e4nken","robots":{"index":"index","follow":"follow","max-snippet":"max-snippet:-1","max-image-preview":"max-image-preview:large","max-video-preview":"max-video-preview:-1"},"canonical":"https:\/\/www.uhrenmuseum-glashuette.com\/shop\/souvenirs\/porzellanbecher-kahla-schwarz\/","og_locale":"en_US","og_type":"article","og_title":"Porzellanbecher schwarz (Kahla) | Deutsches Uhrenmuseum Glashuette","og_description":"Hochwertige schwarze Porzellantasse von Kahla in edlem schwarz. Mit Gravur und 2 Logos. ideal als Geschenk oder zum genie\u00dfen von Lieblings-Hei\u00dfgetr\u00e4nken","og_url":"https:\/\/www.uhrenmuseum-glashuette.com\/shop\/souvenirs\/porzellanbecher-kahla-schwarz\/","og_site_name":"Deutsches Uhrenmuseum Glashuette","article_modified_time":"2025-12-22T09:45:46+00:00","og_image":[{"width":2560,"height":2189,"url":"https:\/\/www.uhrenmuseum-glashuette.com\/wp-content\/uploads\/2025\/12\/Porzellanbecher-1a-Foto-Rene-Gaens-scaled.jpg","type":"image\/jpeg"}],"twitter_card":"summary_large_image","twitter_misc":{"Est. reading time":"1 minute"},"schema":{"@context":"https:\/\/schema.org","@graph":[{"@type":"WebPage","@id":"https:\/\/www.uhrenmuseum-glashuette.com\/shop\/souvenirs\/porzellanbecher-kahla-schwarz\/","url":"https:\/\/www.uhrenmuseum-glashuette.com\/shop\/souvenirs\/porzellanbecher-kahla-schwarz\/","name":"Porzellanbecher schwarz (Kahla) | Deutsches Uhrenmuseum Glashuette","isPartOf":{"@id":"https:\/\/www.uhrenmuseum-glashuette.com\/#website"},"primaryImageOfPage":{"@id":"https:\/\/www.uhrenmuseum-glashuette.com\/shop\/souvenirs\/porzellanbecher-kahla-schwarz\/#primaryimage"},"image":{"@id":"https:\/\/www.uhrenmuseum-glashuette.com\/shop\/souvenirs\/porzellanbecher-kahla-schwarz\/#primaryimage"},"thumbnailUrl":"https:\/\/www.uhrenmuseum-glashuette.com\/wp-content\/uploads\/2025\/12\/Porzellanbecher-1a-Foto-Rene-Gaens-scaled.jpg","datePublished":"2025-03-10T11:47:28+00:00","dateModified":"2025-12-22T09:45:46+00:00","description":"Hochwertige schwarze Porzellantasse von Kahla in edlem schwarz. Mit Gravur und 2 Logos. ideal als Geschenk oder zum genie\u00dfen von Lieblings-Hei\u00dfgetr\u00e4nken","breadcrumb":{"@id":"https:\/\/www.uhrenmuseum-glashuette.com\/shop\/souvenirs\/porzellanbecher-kahla-schwarz\/#breadcrumb"},"inLanguage":"en-US","potentialAction":[{"@type":"ReadAction","target":["https:\/\/www.uhrenmuseum-glashuette.com\/shop\/souvenirs\/porzellanbecher-kahla-schwarz\/"]}]},{"@type":"ImageObject","inLanguage":"en-US","@id":"https:\/\/www.uhrenmuseum-glashuette.com\/shop\/souvenirs\/porzellanbecher-kahla-schwarz\/#primaryimage","url":"https:\/\/www.uhrenmuseum-glashuette.com\/wp-content\/uploads\/2025\/12\/Porzellanbecher-1a-Foto-Rene-Gaens-scaled.jpg","contentUrl":"https:\/\/www.uhrenmuseum-glashuette.com\/wp-content\/uploads\/2025\/12\/Porzellanbecher-1a-Foto-Rene-Gaens-scaled.jpg","width":2560,"height":2189},{"@type":"BreadcrumbList","@id":"https:\/\/www.uhrenmuseum-glashuette.com\/shop\/souvenirs\/porzellanbecher-kahla-schwarz\/#breadcrumb","itemListElement":[{"@type":"ListItem","position":1,"name":"Startseite","item":"https:\/\/www.uhrenmuseum-glashuette.com\/en\/"},{"@type":"ListItem","position":2,"name":"Online Shop","item":"https:\/\/www.uhrenmuseum-glashuette.com\/online-shop\/"},{"@type":"ListItem","position":3,"name":"Porzellanbecher schwarz (Kahla)"}]},{"@type":"WebSite","@id":"https:\/\/www.uhrenmuseum-glashuette.com\/#website","url":"https:\/\/www.uhrenmuseum-glashuette.com\/","name":"Deutsches Uhrenmuseum Glashuette","description":"","publisher":{"@id":"https:\/\/www.uhrenmuseum-glashuette.com\/#organization"},"potentialAction":[{"@type":"SearchAction","target":{"@type":"EntryPoint","urlTemplate":"https:\/\/www.uhrenmuseum-glashuette.com\/?s={search_term_string}"},"query-input":{"@type":"PropertyValueSpecification","valueRequired":true,"valueName":"search_term_string"}}],"inLanguage":"en-US"},{"@type":"Organization","@id":"https:\/\/www.uhrenmuseum-glashuette.com\/#organization","name":"Stiftung \"Deutsches Uhrenmuseum Glash\u00fctte \u2013 Nicolas G. Hayek\"","alternateName":"Uhrenmuseum Glash\u00fctte","url":"https:\/\/www.uhrenmuseum-glashuette.com\/","logo":{"@type":"ImageObject","inLanguage":"en-US","@id":"https:\/\/www.uhrenmuseum-glashuette.com\/#\/schema\/logo\/image\/","url":"https:\/\/www.uhrenmuseum-glashuette.com\/wp-content\/uploads\/2020\/01\/cropped-StiftungDeutschesUhrenmuseumGlashuette-Web-Icon_.png","contentUrl":"https:\/\/www.uhrenmuseum-glashuette.com\/wp-content\/uploads\/2020\/01\/cropped-StiftungDeutschesUhrenmuseumGlashuette-Web-Icon_.png","width":512,"height":512,"caption":"Stiftung \"Deutsches Uhrenmuseum Glash\u00fctte \u2013 Nicolas G. Hayek\""},"image":{"@id":"https:\/\/www.uhrenmuseum-glashuette.com\/#\/schema\/logo\/image\/"}}]}},"_links":{"self":[{"href":"https:\/\/www.uhrenmuseum-glashuette.com\/en\/wp-json\/wp\/v2\/product\/12995","targetHints":{"allow":["GET"]}}],"collection":[{"href":"https:\/\/www.uhrenmuseum-glashuette.com\/en\/wp-json\/wp\/v2\/product"}],"about":[{"href":"https:\/\/www.uhrenmuseum-glashuette.com\/en\/wp-json\/wp\/v2\/types\/product"}],"wp:featuredmedia":[{"embeddable":true,"href":"https:\/\/www.uhrenmuseum-glashuette.com\/en\/wp-json\/wp\/v2\/media\/14089"}],"wp:attachment":[{"href":"https:\/\/www.uhrenmuseum-glashuette.com\/en\/wp-json\/wp\/v2\/media?parent=12995"}],"wp:term":[{"taxonomy":"product_brand","embeddable":true,"href":"https:\/\/www.uhrenmuseum-glashuette.com\/en\/wp-json\/wp\/v2\/product_brand?post=12995"},{"taxonomy":"product_cat","embeddable":true,"href":"https:\/\/www.uhrenmuseum-glashuette.com\/en\/wp-json\/wp\/v2\/product_cat?post=12995"},{"taxonomy":"product_tag","embeddable":true,"href":"https:\/\/www.uhrenmuseum-glashuette.com\/en\/wp-json\/wp\/v2\/product_tag?post=12995"}],"curies":[{"name":"wp","href":"https:\/\/api.w.org\/{rel}","templated":true}]}}